{"id":7113,"date":"2014-11-11T16:46:43","date_gmt":"2014-11-11T16:46:43","guid":{"rendered":"https:\/\/jadepartments.wpengine.com\/departments\/program-deans-office\/theatre\/"},"modified":"2023-12-05T16:38:37","modified_gmt":"2023-12-05T16:38:37","slug":"theatre","status":"publish","type":"page","link":"https:\/\/departments.johnabbott.qc.ca\/fr\/departments\/theatre\/","title":{"rendered":"Th\u00e9\u00e2tre"},"content":{"rendered":"<div class=\"responsive-tabs\">\n<h2 class=\"tabtitle\"><span class=\"fa fa-scroll\"><\/span>Accueil<\/h2>\n<div class=\"tabcontent\">\n\n<p>Pour obtenir des renseignements complets sur les programmes <a href=\"https:\/\/johnabbott.qc.ca\/fr\/career-programs\/professional-theatre\/\" target=\"_blank\" rel=\"noopener\">Interpr\u00e9tation th\u00e9\u00e2trale<\/a> et <a href=\"https:\/\/johnabbott.qc.ca\/fr\/career-programs\/live-entertainment-design-and-production\/\" target=\"_blank\" rel=\"noopener\">Production sc\u00e9nique<\/a>, veuillez consulter le site Web du C\u00e9gep\u00a0John\u00a0Abbott<\/p>\n\n<\/div><h2 class=\"tabtitle\"><span class=\"fa fa-user-tie\"><\/span>Membres du d\u00e9partements<\/h2>\n<div class=\"tabcontent\">\n\n<div class=\"staff-member-listing theatre\"><div class=\"staff-member even \">\r\n\t<img decoding=\"async\" class=\"staff-member-photo\" src=\"https:\/\/departments.johnabbott.qc.ca\/wp-content\/uploads\/2018\/09\/silouette-1.jpg\" alt=\"Ash, Jesse Peter : \">\r\n\t<div class=\"staff-member-info-wrap\">\r\n\t\t<h3 class=\"staff-member-name\">Ash, Jesse Peter<\/h3>\r\n<br>\r\n\t\t\r\n<br>\r\n\r\n<br>\r\n\t<a class=\"staff-member-email\" href=\"mailto:j&#101;s&#115;e&#046;&#097;sh&#064;j&#111;h&#110;&#097;&#098;bot&#116;&#046;&#113;c.ca\" title=\"Email Ash, Jesse Peter\">&#106;&#101;s&#115;e&#046;a&#115;h&#064;johnabb&#111;tt.qc&#046;c&#097;<\/a>\r\n<br>\r\n<br>\r\n\t\t\r\n\t<\/div>\r\n<br>\r\n<\/div> <!-- Close staff-member --><div class=\"staff-member odd \">\r\n\t<img decoding=\"async\" class=\"staff-member-photo\" src=\"https:\/\/departments.johnabbott.qc.ca\/wp-content\/uploads\/2015\/02\/Burns-Rob.jpg\" alt=\"Burns, Rob : \">\r\n\t<div class=\"staff-member-info-wrap\">\r\n\t\t<h3 class=\"staff-member-name\">Burns, Rob<\/h3>\r\n<br>\r\n\t\t514-457-6610, poste 5116\r\n<br>\r\nC-0068\r\n<br>\r\n\t<a class=\"staff-member-email\" href=\"mailto:rob.b&#117;r&#110;s&#064;jo&#104;&#110;&#097;&#098;bott&#046;q&#099;&#046;&#099;&#097;\" title=\"Email Burns, Rob\">&#114;&#111;&#098;&#046;bu&#114;ns&#064;&#106;o&#104;na&#098;bo&#116;&#116;&#046;qc&#046;&#099;a<\/a>\r\n<br>\r\n<br>\r\n\t\t<div class=\"staff-member-bio\"><p>Alors qu\u2019il \u00e9tait \u00e9tudiant \u00e0 Concordia, Rob\u00a0Burns a fait ses d\u00e9buts professionnels en tant qu\u2019acteur dans la pi\u00e8ce Godspell au Centre Segal. Il a jou\u00e9 des premiers r\u00f4les dans des th\u00e9\u00e2tres partout au pays, du Theatre New Brunswick au Banff Centre. Sur la sc\u00e8ne locale, il a jou\u00e9 pour le Centaur, le Geordie, le Segal et six saisons au Th\u00e9\u00e2tre de Lac-Brome. Vous pouvez le voir donner la r\u00e9plique \u00e0 Sharon\u00a0Stone dans Secrets d\u2019\u00c9tat, \u00e0 Taylor\u00a0Kitsch dans The Covenant, \u00e0 Marlon\u00a0Brando dans Fric d\u2019enfer et \u00e0 Christopher\u00a0Plummer dans Nuremberg. Il apporte en classe toute la diversit\u00e9 de son parcours professionnel, ayant donn\u00e9 dans le drame, la com\u00e9die, la musique ou encore Shakespeare. Au C\u00e9gep\u00a0John\u00a0Abbott, il a notamment mis en sc\u00e8ne <em>Hair<\/em>, <em>Rom\u00e9o et Juliette<\/em>, <em>Rumeurs<\/em>, <em>La nuit des rois<\/em>, <em>Un violon sur le toit<\/em> et <em>Ne tirez pas sur l\u2019oiseau moqueur<\/em>. Enseigner ce qu\u2019il aime a \u00e9t\u00e9 la plus grande r\u00e9compense de sa carri\u00e8re.<\/p>\n<p>&nbsp;<\/p>\n<\/div>\r\n\t<\/div>\r\n<br>\r\n<\/div> <!-- Close staff-member --><div class=\"staff-member even \">\r\n\t<img decoding=\"async\" class=\"staff-member-photo\" src=\"https:\/\/departments.johnabbott.qc.ca\/wp-content\/uploads\/2015\/02\/Calver-Laura.jpg\" alt=\"Calver, Laura : \">\r\n\t<div class=\"staff-member-info-wrap\">\r\n\t\t<h3 class=\"staff-member-name\">Calver, Laura<\/h3>\r\n<br>\r\n\t\t514-457-6610, poste 5776\r\n<br>\r\nC-0056\r\n<br>\r\n\t<a class=\"staff-member-email\" href=\"mailto:&#108;&#097;&#117;ra&#046;c&#097;l&#118;&#101;r&#064;&#106;&#111;hnabb&#111;&#116;&#116;&#046;qc.c&#097;\" title=\"Email Calver, Laura\">&#108;&#097;u&#114;&#097;&#046;c&#097;l&#118;&#101;&#114;&#064;&#106;ohn&#097;b&#098;ott&#046;q&#099;&#046;c&#097;<\/a>\r\n<br>\r\n<br>\r\n\t\t<div class=\"staff-member-bio\"><p>J\u2019ai travaill\u00e9 dans le milieu du th\u00e9\u00e2tre \u00e0 Montr\u00e9al pendant de nombreuses ann\u00e9es. J\u2019ai commenc\u00e9 comme \u00e9clairagiste et sonorisatrice puis comme conceptrice d\u2019\u00e9clairage et du son. J\u2019ai ensuite travaill\u00e9 comme directrice technique et finalement comme directrice de la production, ce qui est mon domaine de sp\u00e9cialit\u00e9 et ce que j\u2019enseigne au C\u00e9gep\u00a0John\u00a0Abbott. L\u2019histoire du th\u00e9\u00e2tre est aussi l\u2019une de mes passions. \u00c9tablie \u00e0 Montr\u00e9al, j\u2019ai \u00e9galement travaill\u00e9 dans sept provinces et un territoire, ainsi qu\u2019aux \u00c9tats-Unis. Bien que j\u2019aie travaill\u00e9 pour la plupart des grandes entreprises anglaises de Montr\u00e9al, j\u2019ai particuli\u00e8rement appr\u00e9ci\u00e9 mes ann\u00e9es pass\u00e9es \u00e0 travailler pour le Piggery, le Centaur, le Centre Segal et Just for Laughs.<\/p>\n<\/div>\r\n\t<\/div>\r\n<br>\r\n<\/div> <!-- Close staff-member --><div class=\"staff-member odd \">\r\n\t<img decoding=\"async\" class=\"staff-member-photo\" src=\"https:\/\/departments.johnabbott.qc.ca\/wp-content\/uploads\/2018\/09\/silouette-1.jpg\" alt=\"Clark, Gillian : \">\r\n\t<div class=\"staff-member-info-wrap\">\r\n\t\t<h3 class=\"staff-member-name\">Clark, Gillian<\/h3>\r\n<br>\r\n\t\t\r\n<br>\r\n\r\n<br>\r\n\t<a class=\"staff-member-email\" href=\"mailto:&#103;&#105;lli&#097;n.cl&#097;r&#107;&#064;&#106;ohn&#097;bb&#111;&#116;&#116;&#046;qc&#046;&#099;&#097;\" title=\"Email Clark, Gillian\">gil&#108;&#105;a&#110;&#046;&#099;lar&#107;&#064;joh&#110;ab&#098;ott.q&#099;&#046;c&#097;<\/a>\r\n<br>\r\n<br>\r\n\t\t\r\n\t<\/div>\r\n<br>\r\n<\/div> <!-- Close staff-member --><div class=\"staff-member even \">\r\n\t<img decoding=\"async\" class=\"staff-member-photo\" src=\"https:\/\/departments.johnabbott.qc.ca\/wp-content\/uploads\/2019\/06\/Kevin-Conforti.jpg\" alt=\"Conforti, Kevin : \">\r\n\t<div class=\"staff-member-info-wrap\">\r\n\t\t<h3 class=\"staff-member-name\">Conforti, Kevin<\/h3>\r\n<br>\r\n\t\t\r\n<br>\r\n\r\n<br>\r\n\t<a class=\"staff-member-email\" href=\"mailto:&#107;&#101;&#118;&#105;n.&#099;o&#110;&#102;&#111;&#114;t&#105;&#064;j&#111;&#104;n&#097;b&#098;o&#116;&#116;&#046;&#113;c&#046;ca\" title=\"Email Conforti, Kevin\">k&#101;v&#105;&#110;&#046;c&#111;&#110;&#102;&#111;&#114;t&#105;&#064;jo&#104;n&#097;bbo&#116;&#116;.qc&#046;ca<\/a>\r\n<br>\r\n<br>\r\n\t\t\r\n\t<\/div>\r\n<br>\r\n<\/div> <!-- Close staff-member --><div class=\"staff-member odd \">\r\n\t<img decoding=\"async\" class=\"staff-member-photo\" src=\"https:\/\/departments.johnabbott.qc.ca\/wp-content\/uploads\/2015\/02\/Conway-Elisha.jpg\" alt=\"Conway, Elisha : \">\r\n\t<div class=\"staff-member-info-wrap\">\r\n\t\t<h3 class=\"staff-member-name\">Conway, Elisha<\/h3>\r\n<br>\r\n\t\t514-457-6610, poste 5587\r\n<br>\r\nC-0060 Theatre\r\n<br>\r\n\t<a class=\"staff-member-email\" href=\"mailto:&#101;&#108;&#105;s&#104;&#097;&#046;c&#111;nwa&#121;&#064;johna&#098;bo&#116;t&#046;q&#099;&#046;ca\" title=\"Email Conway, Elisha\">&#101;&#108;is&#104;a&#046;c&#111;&#110;&#119;ay&#064;joh&#110;ab&#098;&#111;&#116;&#116;.&#113;&#099;.c&#097;<\/a>\r\n<br>\r\n<br>\r\n\t\t\r\n\t<\/div>\r\n<br>\r\n<\/div> <!-- Close staff-member --><div class=\"staff-member even \">\r\n\t<img decoding=\"async\" class=\"staff-member-photo\" src=\"https:\/\/departments.johnabbott.qc.ca\/wp-content\/uploads\/2015\/03\/Cuk.jpg\" alt=\"Cuk, Andrew : \">\r\n\t<div class=\"staff-member-info-wrap\">\r\n\t\t<h3 class=\"staff-member-name\">Cuk, Andrew<\/h3>\r\n<br>\r\n\t\t514-457-6610, poste 5149\r\n<br>\r\nC-0068\r\n<br>\r\n\t<a class=\"staff-member-email\" href=\"mailto:an&#100;&#114;&#101;w.&#099;&#117;&#107;&#064;&#106;&#111;h&#110;a&#098;b&#111;tt.q&#099;&#046;c&#097;\" title=\"Email Cuk, Andrew\">&#097;&#110;d&#114;ew&#046;&#099;&#117;&#107;&#064;john&#097;&#098;b&#111;tt.q&#099;&#046;ca<\/a>\r\n<br>\r\n<br>\r\n\t\t<div class=\"staff-member-bio\"><p>Titulaire d\u2019une ma\u00eetrise et d\u2019un doctorat, Andrew\u00a0Cuk est un professionnel du th\u00e9\u00e2tre et de la musique depuis plus de trois d\u00e9cennies. Il a commenc\u00e9 \u00e0 enseigner au C\u00e9gep\u00a0John\u00a0Abbott en 2005. Il est metteur en sc\u00e8ne, sc\u00e9nariste, acteur et directeur artistique de la compagnie de th\u00e9\u00e2tre montr\u00e9alaise Canis Tempus, qui a produit ses pi\u00e8ces <em>Sala\u00a0XVIII<\/em> et <em>Quixote<\/em>. Deux de ses pi\u00e8ces ont \u00e9t\u00e9 pr\u00e9sent\u00e9es pour la premi\u00e8re fois au C\u00e9gep\u00a0John\u00a0Abbott\u00a0: <em>Three Witches<\/em>, une version moderne de la pi\u00e8ce <em>Macbeth<\/em> de Shakespeare, et <em>Elektra<\/em>, une refonte du mythe de la Gr\u00e8ce antique. Andy a mis en sc\u00e8ne des pi\u00e8ces classiques et contemporaines, des op\u00e9ras et des com\u00e9dies musicales. Il a obtenu son doctorat \u00e0 l\u2019Universit\u00e9 de Californie et sa ma\u00eetrise \u00e0 l\u2019Universit\u00e9 Western Washington. Au C\u00e9gep\u00a0John\u00a0Abbott, en plus de mettre en sc\u00e8ne des productions, il a enseign\u00e9 le th\u00e9\u00e2tre, la r\u00e9daction de texte et l\u2019histoire du th\u00e9\u00e2tre, et donn\u00e9 l\u2019atelier du th\u00e9\u00e2tre.<\/p>\n<p>\u0152uvres mises en sc\u00e8ne r\u00e9cemment hors campus\u00a0: <em>Xerx\u00e8s<\/em> de Handel (op\u00e9ra), <em>Patience<\/em> de Gilbert et Sullivan (op\u00e9rette), <em>Comme il vous plaira<\/em> de Shakespeare, <em>Cendrillon<\/em> de Massenet (op\u00e9ra), <em>Le Nozze di Figaro<\/em> de Mozart (op\u00e9ra), <em>Daisy and the Wonder Weeds<\/em> de Jean Elliott Manning (com\u00e9die musicale).<\/p>\n<p>\u0152uvres mises en sc\u00e8ne au C\u00e9gep\u00a0John\u00a0Abbott\u00a0: <em>Lear<\/em> de Shakespeare, <em>For Home and Country<\/em> de Leanna Brodie, <em>Welcome to Thebes<\/em> de Moira Buffini, <em>La peau de nos dents<\/em> de Thornton Wilder, <em>The Heidi Chronicles<\/em> de Wendy Wasserstein, <em>Le songe d\u2019une nuit d\u2019\u00e9t\u00e9<\/em> de Shakespeare, <em>L\u2019odyss\u00e9e de P\u00e9n\u00e9lope<\/em> de Margaret\u00a0Atwood, <em>Cloud Nine<\/em> de Caryl Churchill.<\/p>\n<\/div>\r\n\t<\/div>\r\n<br>\r\n<\/div> <!-- Close staff-member --><div class=\"staff-member odd \">\r\n\t<img decoding=\"async\" class=\"staff-member-photo\" src=\"https:\/\/departments.johnabbott.qc.ca\/wp-content\/uploads\/2015\/03\/Pierre-theatre.jpg\" alt=\"Dussol, Pierre : \">\r\n\t<div class=\"staff-member-info-wrap\">\r\n\t\t<h3 class=\"staff-member-name\">Dussol, Pierre<\/h3>\r\n<br>\r\n\t\t514-457-6610, poste 5773\r\n<br>\r\nC-0064\r\n<br>\r\n\t<a class=\"staff-member-email\" href=\"mailto:pi&#101;rr&#101;.&#100;us&#115;ol&#064;joh&#110;a&#098;bott&#046;q&#099;&#046;c&#097;\" title=\"Email Dussol, Pierre\">&#112;&#105;er&#114;&#101;.&#100;us&#115;&#111;&#108;&#064;jo&#104;na&#098;bo&#116;&#116;.q&#099;.&#099;a<\/a>\r\n<br>\r\n<br>\r\n\t\t<div class=\"staff-member-bio\"><p>Pierre\u00a0Dussol est membre du d\u00e9partement de th\u00e9\u00e2tre du C\u00e9gep\u00a0John\u00a0Abbott depuis 2003. Il a donn\u00e9 les cours <em>Stagecraft, Theatre Orientation, Theatre Workshop, Media<\/em> et <em>AutoCAD<\/em>. Il a obtenu son dipl\u00f4me du programme d\u2019interpr\u00e9tation th\u00e9\u00e2trale du C\u00e9gep\u00a0John\u00a0Abbott en 1991. Il a travaill\u00e9 sur plus de 200\u00a0productions au th\u00e9\u00e2tre, \u00e0 la t\u00e9l\u00e9vision et au cin\u00e9ma \u00e0 Stratford, \u00e0 Montr\u00e9al, en Nouvelle-\u00c9cosse et \u00e0 Londres, en Angleterre. Il est titulaire d\u2019un baccalaur\u00e9at en histoire et en arch\u00e9ologie de l\u2019Universit\u00e9 Concordia. Il a \u00e9galement obtenu une ma\u00eetrise en \u00e9ducation de l\u2019Universit\u00e9 de Sherbrooke. En 2012, Pierre a publi\u00e9 son premier livre <em>AutoCAD For The Theatre<\/em> avec le CCDMD. Il est membre du comit\u00e9 de perfectionnement professionnel du d\u00e9partement depuis 2007.<\/p>\n<\/div>\r\n\t<\/div>\r\n<br>\r\n<\/div> <!-- Close staff-member --><div class=\"staff-member even \">\r\n\t<img decoding=\"async\" class=\"staff-member-photo\" src=\"https:\/\/departments.johnabbott.qc.ca\/wp-content\/uploads\/2018\/09\/silouette-1.jpg\" alt=\"Fauquembergue, Kevin : \">\r\n\t<div class=\"staff-member-info-wrap\">\r\n\t\t<h3 class=\"staff-member-name\">Fauquembergue, Kevin<\/h3>\r\n<br>\r\n\t\t514-457-6610, poste 5767\r\n<br>\r\n\r\n<br>\r\n\t<a class=\"staff-member-email\" href=\"mailto:&#107;&#101;&#118;&#105;n&#046;fau&#113;&#117;e&#109;berg&#117;&#101;&#064;jo&#104;&#110;a&#098;&#098;&#111;tt.&#113;&#099;.c&#097;\" title=\"Email Fauquembergue, Kevin\">&#107;e&#118;i&#110;.&#102;&#097;&#117;&#113;uem&#098;erg&#117;&#101;&#064;jo&#104;&#110;&#097;&#098;b&#111;&#116;&#116;.&#113;&#099;.&#099;&#097;<\/a>\r\n<br>\r\n<br>\r\n\t\t\r\n\t<\/div>\r\n<br>\r\n<\/div> <!-- Close staff-member --><div class=\"staff-member odd \">\r\n\t<img decoding=\"async\" class=\"staff-member-photo\" src=\"https:\/\/departments.johnabbott.qc.ca\/wp-content\/uploads\/2018\/09\/silouette-1.jpg\" alt=\"Fontaine, Edouard : \">\r\n\t<div class=\"staff-member-info-wrap\">\r\n\t\t<h3 class=\"staff-member-name\">Fontaine, Edouard<\/h3>\r\n<br>\r\n\t\t\r\n<br>\r\n\r\n<br>\r\n\t<a class=\"staff-member-email\" href=\"mailto:&#101;&#100;&#111;&#117;a&#114;d.&#102;o&#110;&#116;a&#105;ne&#064;j&#111;h&#110;&#097;&#098;bot&#116;&#046;&#113;c&#046;ca\" title=\"Email Fontaine, Edouard\">e&#100;o&#117;a&#114;d.f&#111;&#110;&#116;a&#105;n&#101;&#064;&#106;ohn&#097;&#098;bot&#116;.qc.c&#097;<\/a>\r\n<br>\r\n<br>\r\n\t\t\r\n\t<\/div>\r\n<br>\r\n<\/div> <!-- Close staff-member --><div class=\"staff-member even \">\r\n\t<img decoding=\"async\" class=\"staff-member-photo\" src=\"https:\/\/departments.johnabbott.qc.ca\/wp-content\/uploads\/2018\/09\/silouette-1.jpg\" alt=\"Fraser, Zachary : \">\r\n\t<div class=\"staff-member-info-wrap\">\r\n\t\t<h3 class=\"staff-member-name\">Fraser, Zachary<\/h3>\r\n<br>\r\n\t\t514-457-6610, poste 5038\r\n<br>\r\nC-0068\r\n<br>\r\n\t<a class=\"staff-member-email\" href=\"mailto:&#122;&#097;c&#104;&#097;&#114;&#121;&#046;&#102;&#114;&#097;&#115;e&#114;&#064;&#106;&#111;&#104;&#110;&#097;b&#098;o&#116;t&#046;&#113;c&#046;c&#097;\" title=\"Email Fraser, Zachary\">z&#097;cha&#114;y.&#102;&#114;a&#115;er&#064;&#106;&#111;hna&#098;&#098;&#111;t&#116;.q&#099;.&#099;a<\/a>\r\n<br>\r\n<br>\r\n\t\t<div class=\"staff-member-bio\"><p>Zachary\u00a0Fraser enseigne au d\u00e9partement de th\u00e9\u00e2tre du C\u00e9gep\u00a0John\u00a0Abbott depuis 2008. Au C\u00e9gep\u00a0John\u00a0Abbott, Zach enseigne principalement le mouvement, la fabrication de masques et la gestion professionnelle aux \u00e9tudiant(e)s en interpr\u00e9tation th\u00e9\u00e2trale. Il est dipl\u00f4m\u00e9 de l\u2019\u00c9cole Philippe\u00a0Gaulier (Londres\/Paris), du programme de th\u00e9\u00e2tre de marionnettes de l\u2019UQ\u00c0M (Montr\u00e9al) et de l\u2019Universit\u00e9 Dalhousie (Halifax). Zach travaille fr\u00e9quemment dans le milieu du th\u00e9\u00e2tre professionnel en tant qu\u2019acteur, metteur en sc\u00e8ne, chor\u00e9graphe, marionnettiste et fabricant de marionnettes. \u00c0 Montr\u00e9al, Zach a \u00e9galement enseign\u00e9 \u00e0 l\u2019\u00c9cole nationale de th\u00e9\u00e2tre, \u00e0 l\u2019Universit\u00e9 McGill et \u00e0 l\u2019Universit\u00e9 de Montr\u00e9al, et a \u00e9t\u00e9 professeur invit\u00e9 \u00e0 l\u2019\u00c9cole Philippe\u00a0Gaulier en France.<\/p>\n<\/div>\r\n\t<\/div>\r\n<br>\r\n<\/div> <!-- Close staff-member --><div class=\"staff-member odd \">\r\n\t<img decoding=\"async\" class=\"staff-member-photo\" src=\"https:\/\/departments.johnabbott.qc.ca\/wp-content\/uploads\/2018\/09\/silouette-1.jpg\" alt=\"Germinario, Rachel-Anne : \">\r\n\t<div class=\"staff-member-info-wrap\">\r\n\t\t<h3 class=\"staff-member-name\">Germinario, Rachel-Anne<\/h3>\r\n<br>\r\n\t\t514-457-6610, poste 5571\r\n<br>\r\n\r\n<br>\r\n\t<a class=\"staff-member-email\" href=\"mailto:r&#097;&#046;ge&#114;min&#097;&#114;io&#064;&#106;&#111;&#104;na&#098;bot&#116;.&#113;c&#046;ca\" title=\"Email Germinario, Rachel-Anne\">ra&#046;germ&#105;&#110;a&#114;&#105;o&#064;jo&#104;&#110;&#097;b&#098;ot&#116;.&#113;&#099;.c&#097;<\/a>\r\n<br>\r\n<br>\r\n\t\t\r\n\t<\/div>\r\n<br>\r\n<\/div> <!-- Close staff-member --><div class=\"staff-member even \">\r\n\t<img decoding=\"async\" class=\"staff-member-photo\" src=\"https:\/\/departments.johnabbott.qc.ca\/wp-content\/uploads\/2015\/02\/Howell-Jason.jpg\" alt=\"Howell, Jason : Coordonnateur, Ateliers de th\u00e9\u00e2tre\">\r\n\t<div class=\"staff-member-info-wrap\">\r\n\t\t<h3 class=\"staff-member-name\">Howell, Jason<\/h3>Coordonnateur, Ateliers de th\u00e9\u00e2tre\r\n<br>\r\n\t\t514-457-6610, poste 5774\r\n<br>\r\nC-0060\r\n<br>\r\n\t<a class=\"staff-member-email\" href=\"mailto:&#106;a&#115;o&#110;.&#104;owel&#108;&#064;&#106;ohn&#097;&#098;b&#111;&#116;t.&#113;c&#046;&#099;a\" title=\"Email Howell, Jason\">j&#097;&#115;&#111;n&#046;&#104;&#111;&#119;ell&#064;&#106;o&#104;&#110;a&#098;b&#111;tt.q&#099;.&#099;a<\/a>\r\n<br>\r\n<br>\r\n\t\t<div class=\"staff-member-bio\"><p>Jason\u00a0Howell est titulaire d\u2019un baccalaur\u00e9at en interpr\u00e9tation th\u00e9\u00e2trale et d\u2019un dipl\u00f4me d\u2019\u00e9tudes sup\u00e9rieures en communication de l\u2019Universit\u00e9 Concordia. Dipl\u00f4m\u00e9 du programme d\u2019arts cr\u00e9atifs du C\u00e9gep\u00a0John\u00a0Abbott dans les ann\u00e9es\u00a01990, Jason s\u2019est joint au C\u00e9gep en tant qu\u2019enseignant en\u00a02003. Il y donne des cours sur les m\u00e9dias et le jeu, et met en sc\u00e8ne les spectacles de l\u2019atelier de th\u00e9\u00e2tre. Il a pris part \u00e0 de nombreuses productions th\u00e9\u00e2trales et cin\u00e9matographiques en tant qu\u2019acteur professionnel \u00e0 Montr\u00e9al et partout au Canada. Jason est aussi musicien. Il donne des spectacles avec son groupe, Jando, dans divers pubs de Montr\u00e9al. Il repr\u00e9sente actuellement le d\u00e9partement de th\u00e9\u00e2tre au sein du comit\u00e9 du programme ALC.<\/p>\n<\/div>\r\n\t<\/div>\r\n<br>\r\n<\/div> <!-- Close staff-member --><div class=\"staff-member odd \">\r\n\t<img decoding=\"async\" class=\"staff-member-photo\" src=\"https:\/\/departments.johnabbott.qc.ca\/wp-content\/uploads\/2015\/02\/Jacques-Patrice.jpg\" alt=\"Jacques, Patrice : \">\r\n\t<div class=\"staff-member-info-wrap\">\r\n\t\t<h3 class=\"staff-member-name\">Jacques, Patrice<\/h3>\r\n<br>\r\n\t\t514-457-6610, poste 5763\r\n<br>\r\nC-0020\r\n<br>\r\n\t<a class=\"staff-member-email\" href=\"mailto:pat&#114;ic&#101;.j&#097;&#099;qu&#101;&#115;&#064;&#106;&#111;h&#110;&#097;&#098;&#098;o&#116;&#116;.qc&#046;&#099;&#097;\" title=\"Email Jacques, Patrice\">&#112;at&#114;i&#099;&#101;&#046;&#106;a&#099;q&#117;&#101;&#115;&#064;&#106;&#111;&#104;&#110;abb&#111;tt.&#113;c.c&#097;<\/a>\r\n<br>\r\n<br>\r\n\t\t<div class=\"staff-member-bio\"><p>Patrice\u00a0Jacques a obtenu son dipl\u00f4me du programme d\u2019interpr\u00e9tation th\u00e9\u00e2trale du C\u00e9gep\u00a0John\u00a0Abbott en 1994. Depuis, il a touch\u00e9 \u00e0 toutes les facettes de l\u2019industrie du divertissement. Il a occup\u00e9 les postes de r\u00e9gisseur et de chef accessoiriste au th\u00e9\u00e2tre, et ceux de maquettiste, de mouliste de maquillage d\u2019effets sp\u00e9ciaux et d\u2019accessoiriste en effets sp\u00e9ciaux au cin\u00e9ma. Il a \u00e9galement eu l\u2019honneur d\u2019\u00eatre l\u2019accessoiriste pour l\u2019ensemble des 22\u00a0spectacles \u00e0 l\u2019affiche du Cirque du Soleil \u00e0 Montr\u00e9al pendant 7\u00a0ans. Il adore apprendre et partager ses connaissances. Il s\u2019est joint au d\u00e9partement de th\u00e9\u00e2tre il y a 3\u00a0ans et il enseigne actuellement la fabrication d\u2019accessoires, la sculpture en divers mat\u00e9riaux, la fabrication de masques et la fabrication de moules. Tout au long de sa carri\u00e8re diversifi\u00e9e, il est rest\u00e9 actif dans le secteur du cin\u00e9ma avec son entreprise de fabrication d\u2019accessoires d\u2019effets sp\u00e9ciaux, travaillant sur des films comme <em>L\u2019aviateur<\/em>, <em>Le jour d\u2019apr\u00e8s<\/em>, <em>La momie\u00a03<\/em>, <em>Maison-Blanche en p\u00e9ril<\/em>, <em>Riddick<\/em> et <em>XMEN<\/em>\u00a0: <em>Jours d\u2019un avenir pass\u00e9<\/em>.<\/p>\n<p>&nbsp;<\/p>\n<\/div>\r\n\t<\/div>\r\n<br>\r\n<\/div> <!-- Close staff-member --><div class=\"staff-member even \">\r\n\t<img decoding=\"async\" class=\"staff-member-photo\" src=\"https:\/\/departments.johnabbott.qc.ca\/wp-content\/uploads\/2018\/09\/silouette-1.jpg\" alt=\"Campbell, Tracy Leigh : \">\r\n\t<div class=\"staff-member-info-wrap\">\r\n\t\t<h3 class=\"staff-member-name\">Campbell, Tracy Leigh<\/h3>\r\n<br>\r\n\t\t514-457-6610, poste 5209\r\n<br>\r\nC-0068\r\n<br>\r\n\t<a class=\"staff-member-email\" href=\"mailto:&#116;ra&#099;&#121;&#108;eig&#104;.&#099;a&#109;p&#098;e&#108;&#108;&#064;joh&#110;a&#098;&#098;&#111;&#116;&#116;&#046;&#113;&#099;&#046;ca\" title=\"Email Campbell, Tracy Leigh\">tracyl&#101;&#105;gh.c&#097;&#109;pbel&#108;&#064;&#106;ohna&#098;&#098;ot&#116;&#046;&#113;c.c&#097;<\/a>\r\n<br>\r\n<br>\r\n\t\t\r\n\t<\/div>\r\n<br>\r\n<\/div> <!-- Close staff-member --><div class=\"staff-member odd \">\r\n\t<img decoding=\"async\" class=\"staff-member-photo\" src=\"https:\/\/departments.johnabbott.qc.ca\/wp-content\/uploads\/2018\/09\/silouette-1.jpg\" alt=\"Malo, Elyse : \">\r\n\t<div class=\"staff-member-info-wrap\">\r\n\t\t<h3 class=\"staff-member-name\">Malo, Elyse<\/h3>\r\n<br>\r\n\t\t\r\n<br>\r\n\r\n<br>\r\n\t<a class=\"staff-member-email\" href=\"mailto:elys&#101;.&#109;&#097;&#108;o&#064;&#106;ohnabb&#111;t&#116;&#046;&#113;c&#046;&#099;a\" title=\"Email Malo, Elyse\">&#101;&#108;&#121;s&#101;&#046;ma&#108;&#111;&#064;jo&#104;na&#098;b&#111;tt&#046;&#113;c&#046;ca<\/a>\r\n<br>\r\n<br>\r\n\t\t\r\n\t<\/div>\r\n<br>\r\n<\/div> <!-- Close staff-member --><div class=\"staff-member even \">\r\n\t<img decoding=\"async\" class=\"staff-member-photo\" src=\"https:\/\/departments.johnabbott.qc.ca\/wp-content\/uploads\/2019\/06\/Janet-Feindel.jpg\" alt=\"Feindel, Janet : \">\r\n\t<div class=\"staff-member-info-wrap\">\r\n\t\t<h3 class=\"staff-member-name\">Feindel, Janet<\/h3>\r\n<br>\r\n\t\t\r\n<br>\r\n\r\n<br>\r\n\t<a class=\"staff-member-email\" href=\"mailto:ja&#110;&#101;t.f&#101;i&#110;d&#101;l&#064;&#106;&#111;hn&#097;&#098;b&#111;tt&#046;&#113;c&#046;ca\" title=\"Email Feindel, Janet\">&#106;ane&#116;&#046;&#102;&#101;i&#110;&#100;el&#064;&#106;oh&#110;a&#098;bott&#046;&#113;c&#046;ca<\/a>\r\n<br>\r\n<br>\r\n\t\t\r\n\t<\/div>\r\n<br>\r\n<\/div> <!-- Close staff-member --><div class=\"staff-member odd \">\r\n\t<img decoding=\"async\" class=\"staff-member-photo\" src=\"https:\/\/departments.johnabbott.qc.ca\/wp-content\/uploads\/2018\/09\/silouette-1.jpg\" alt=\"Murdoch, Carolyn : Co-coordonnatrice\">\r\n\t<div class=\"staff-member-info-wrap\">\r\n\t\t<h3 class=\"staff-member-name\">Murdoch, Carolyn<\/h3>Co-coordonnatrice\r\n<br>\r\n\t\t514-457-6610, poste 5425\r\n<br>\r\nC-0056\r\n<br>\r\n\t<a class=\"staff-member-email\" href=\"mailto:&#099;aroly&#110;&#046;m&#117;r&#100;&#111;&#099;&#104;&#064;j&#111;h&#110;abb&#111;&#116;&#116;.&#113;&#099;&#046;&#099;&#097;\" title=\"Email Murdoch, Carolyn\">&#099;&#097;&#114;o&#108;yn&#046;&#109;u&#114;doch&#064;&#106;&#111;&#104;&#110;&#097;b&#098;&#111;&#116;t&#046;qc.&#099;a<\/a>\r\n<br>\r\n<br>\r\n\t\t<div class=\"staff-member-bio\"><p>Carolyn Murdoch est heureuse de faire partie de la famille du d\u00e9partement de th\u00e9\u00e2tre du C\u00e9gep John Abbott depuis plus de 10 ans. Carolyn est dipl\u00f4m\u00e9e de l\u2019Universit\u00e9 Mount Alison et de l\u2019\u00c9cole nationale de th\u00e9\u00e2tre du Canada, o\u00f9 elle a par la suite enseign\u00e9 la gestion de sc\u00e8ne et la production sc\u00e9nique, a g\u00e9r\u00e9 le programme de mise en sc\u00e8ne et a contribu\u00e9 \u00e0 la coordination du d\u00e9partement de production technique. Au fil des ans, Carolyn a travaill\u00e9 et fait des tourn\u00e9es partout au Canada en th\u00e9\u00e2tre et en danse, et a travaill\u00e9 dans l\u2019industrie de la t\u00e9l\u00e9vision et du cin\u00e9ma, mais il n\u2019y a rien qu\u2019elle aime plus que d\u2019\u00eatre entour\u00e9e de toutes les personnes merveilleuses, intelligentes et cr\u00e9atives du d\u00e9partement du th\u00e9\u00e2tre du C\u00e9gep John Abbott.<\/p>\n<\/div>\r\n\t<\/div>\r\n<br>\r\n<\/div> <!-- Close staff-member --><div class=\"staff-member even \">\r\n\t<img decoding=\"async\" class=\"staff-member-photo\" src=\"https:\/\/departments.johnabbott.qc.ca\/wp-content\/uploads\/2015\/02\/Rowswell-Nadia.jpg\" alt=\"Rowsell, Nadia : \">\r\n\t<div class=\"staff-member-info-wrap\">\r\n\t\t<h3 class=\"staff-member-name\">Rowsell, Nadia<\/h3>\r\n<br>\r\n\t\t\r\n<br>\r\n\r\n<br>\r\n\t<a class=\"staff-member-email\" href=\"mailto:&#110;a&#100;&#105;&#097;.&#114;&#111;&#119;&#115;ell&#064;&#106;o&#104;n&#097;b&#098;ott&#046;&#113;c&#046;c&#097;\" title=\"Email Rowsell, Nadia\">&#110;&#097;&#100;&#105;&#097;.r&#111;&#119;&#115;el&#108;&#064;j&#111;&#104;nab&#098;&#111;tt&#046;&#113;c&#046;ca<\/a>\r\n<br>\r\n<br>\r\n\t\t<div class=\"staff-member-bio\"><p>Nadia\u00a0Rowsell est originaire d\u2019Harrington Harbour, au Qu\u00e9bec, et a d\u00e9m\u00e9nag\u00e9 \u00e0 Montr\u00e9al en 2007 pour poursuivre ses \u00e9tudes postsecondaires. Elle a obtenu son dipl\u00f4me du programme d\u2019interpr\u00e9tation th\u00e9\u00e2trale (Conception de costumes et d\u2019espaces sc\u00e9nographiques) en 2012. Apr\u00e8s l\u2019obtention de son dipl\u00f4me, elle a \u00e9t\u00e9 colaur\u00e9ate du prix Pamela\u00a0Montgomery et r\u00e9cipiendaire de la bourse d\u2019\u00e9tudes Jason\u00a0Panich. Elle d\u00e9tient \u00e9galement un DEC en arts cr\u00e9atifs\u00a0: Atelier de th\u00e9\u00e2tre. En plus d\u2019\u00eatre technicienne du costumier, Nadia enseigne la fabrication de costumes aux \u00e9tudiant(e)s de 1<sup>re<\/sup> et 2<sup>e<\/sup>\u00a0ann\u00e9e.<\/p>\n<p>&nbsp;<\/p>\n<\/div>\r\n\t<\/div>\r\n<br>\r\n<\/div> <!-- Close staff-member --><div class=\"staff-member odd \">\r\n\t<img decoding=\"async\" class=\"staff-member-photo\" src=\"https:\/\/departments.johnabbott.qc.ca\/wp-content\/uploads\/2015\/02\/Rydvald-Anana.jpg\" alt=\"Rydvald, Anana : \">\r\n\t<div class=\"staff-member-info-wrap\">\r\n\t\t<h3 class=\"staff-member-name\">Rydvald, Anana<\/h3>\r\n<br>\r\n\t\t514-457-6610, poste 5072\r\n<br>\r\nC-0060\r\n<br>\r\n\t<a class=\"staff-member-email\" href=\"mailto:&#097;&#110;ana.r&#121;&#100;&#118;al&#100;&#064;jo&#104;&#110;&#097;b&#098;ott.&#113;c&#046;ca\" title=\"Email Rydvald, Anana\">&#097;&#110;&#097;na&#046;r&#121;&#100;va&#108;d&#064;&#106;o&#104;&#110;&#097;&#098;b&#111;&#116;t.&#113;&#099;&#046;&#099;&#097;<\/a>\r\n<br>\r\n<br>\r\n\t\t<div class=\"staff-member-bio\"><p>Anana\u00a0Rydvald enseigne le mime et l\u2019improvisation au sein du d\u00e9partement de th\u00e9\u00e2tre et de musique du C\u00e9gep\u00a0John\u00a0Abbott. Originaire de Su\u00e8de, elle est d\u2019abord venue \u00e0 Montr\u00e9al pour \u00e9tudier aux Grands Ballets Canadiens \u00e0 l\u2019\u00e2ge de 12\u00a0ans. Depuis, elle a suivi une formation d\u2019actrice et de cr\u00e9atrice de masques en Europe et au Canada. Avant de s\u2019installer \u00e0 Montr\u00e9al, elle a travaill\u00e9 comme actrice pendant plusieurs ann\u00e9es au sein de la c\u00e9l\u00e8bre troupe de th\u00e9\u00e2tre scandinave Cantabile\u00a02, qui cr\u00e9e des spectacles sp\u00e9cialement pour chaque lieu partout dans le monde. Elle est directrice artistique du Level\u00a04 Theatre et travaille \u00e9galement dans l\u2019industrie de la t\u00e9l\u00e9vision, du cin\u00e9ma et du doublage.<\/p>\n<\/div>\r\n\t<\/div>\r\n<br>\r\n<\/div> <!-- Close staff-member --><div class=\"staff-member even \">\r\n\t<img decoding=\"async\" class=\"staff-member-photo\" src=\"https:\/\/departments.johnabbott.qc.ca\/wp-content\/uploads\/2015\/03\/Vatsis-Peter.jpg\" alt=\"Vatsis, Peter : \">\r\n\t<div class=\"staff-member-info-wrap\">\r\n\t\t<h3 class=\"staff-member-name\">Vatsis, Peter<\/h3>\r\n<br>\r\n\t\t514-457-6610, poste 5043\r\n<br>\r\nC-0056\r\n<br>\r\n\t<a class=\"staff-member-email\" href=\"mailto:&#112;&#101;&#116;er&#046;v&#097;&#116;s&#105;&#115;&#064;&#106;&#111;&#104;&#110;&#097;&#098;&#098;ot&#116;&#046;&#113;&#099;&#046;c&#097;\" title=\"Email Vatsis, Peter\">&#112;&#101;t&#101;&#114;&#046;v&#097;t&#115;is&#064;j&#111;hn&#097;bbot&#116;.q&#099;.&#099;&#097;<\/a>\r\n<br>\r\n<br>\r\n\t\t\r\n\t<\/div>\r\n<br>\r\n<\/div> <!-- Close staff-member --><div class=\"staff-member odd  last\">\r\n\t<img decoding=\"async\" class=\"staff-member-photo\" src=\"https:\/\/departments.johnabbott.qc.ca\/wp-content\/uploads\/2015\/02\/Vezina-Jo-Anne1.jpg\" alt=\"Vezina, Jo-Anne : \">\r\n\t<div class=\"staff-member-info-wrap\">\r\n\t\t<h3 class=\"staff-member-name\">Vezina, Jo-Anne<\/h3>\r\n<br>\r\n\t\t514-457-6610, poste 5762\r\n<br>\r\nC-0064 Theatre\r\n<br>\r\n\t<a class=\"staff-member-email\" href=\"mailto:jo-&#097;&#110;&#110;&#101;.ve&#122;ina&#064;&#106;oh&#110;a&#098;b&#111;t&#116;&#046;&#113;&#099;.&#099;&#097;\" title=\"Email Vezina, Jo-Anne\">&#106;&#111;-&#097;nn&#101;&#046;&#118;&#101;&#122;i&#110;a&#064;&#106;&#111;hnabb&#111;&#116;&#116;.qc.c&#097;<\/a>\r\n<br>\r\n<br>\r\n\t\t<div class=\"staff-member-bio\"><p>Jo-Anne\u00a0Vezina est enseignante au C\u00e9gep\u00a0John\u00a0Abbott depuis ao\u00fbt\u00a02011. Elle a un dipl\u00f4me d\u2019\u00e9tudes coll\u00e9giales du d\u00e9partement de th\u00e9\u00e2tre du C\u00e9gep\u00a0John\u00a0Abbott, section design. Jo-Anne donne un cours de peinture sc\u00e9nique et aide \u00e0 peindre les d\u00e9cors pour les productions du d\u00e9partement. Jo-Anne poss\u00e8de plus de 28\u00a0ans d\u2019exp\u00e9rience professionnelle en tant qu\u2019artiste sc\u00e9nique, ayant travaill\u00e9 avec des entreprises telles que les Grands Ballets Canadiens, l\u2019Op\u00e9ra de Montr\u00e9al, le Th\u00e9\u00e2tre du Nouveau Monde, La Cie Jean\u00a0Duceppe, O Vertigo Dance, Le Cirque du Soleil, Arturo Brachetti et le Festival de Stratford.<\/p>\n<\/div>\r\n\t<\/div>\r\n<br>\r\n<\/div> <!-- Close staff-member --><\/div> <!-- Close staff-member-listing -->\n\n<\/div><h2 class=\"tabtitle\"><span class=\"fa fa-graduation-cap\"><\/span>Cours<\/h2>\n<div class=\"tabcontent\">\n\n<p>Pour obtenir la liste des cours offerts par le d\u00e9partement de th\u00e9\u00e2tre, veuillez consulter les grilles de cours des programmes:<br \/>\n<a href=\"https:\/\/johnabbott.qc.ca\/fr\/career-programs\/live-entertainment-design-and-production\/live-entertainment-design-and-production-561-xx\/\" target=\"_blank\" rel=\"noopener\">Production sc\u00e9nique<\/a> et <a href=\"https:\/\/johnabbott.qc.ca\/fr\/career-programs\/professional-theatre\/professional-theatre-acting-561-c0\/\" target=\"_blank\" rel=\"noopener\">Interpr\u00e9tation th\u00e9\u00e2trale<\/a><\/p>\n<\/div><\/div>\n<p>&nbsp;<\/p>\n","protected":false},"excerpt":{"rendered":"<p>Pour obtenir des renseignements complets sur les programmes Interpr\u00e9tation th\u00e9\u00e2trale et Production sc\u00e9nique, veuillez consulter le site Web du C\u00e9gep\u00a0John\u00a0Abbott Pour obtenir la liste des cours offerts par le d\u00e9partement de th\u00e9\u00e2tre, veuillez consulter les grilles de cours des programmes: Production sc\u00e9nique et Interpr\u00e9tation th\u00e9\u00e2trale &nbsp;<\/p>\n","protected":false},"author":3,"featured_media":0,"parent":7078,"menu_order":0,"comment_status":"closed","ping_status":"open","template":"","meta":{"footnotes":""},"_links":{"self":[{"href":"https:\/\/departments.johnabbott.qc.ca\/fr\/wp-json\/wp\/v2\/pages\/7113"}],"collection":[{"href":"https:\/\/departments.johnabbott.qc.ca\/fr\/wp-json\/wp\/v2\/pages"}],"about":[{"href":"https:\/\/departments.johnabbott.qc.ca\/fr\/wp-json\/wp\/v2\/types\/page"}],"author":[{"embeddable":true,"href":"https:\/\/departments.johnabbott.qc.ca\/fr\/wp-json\/wp\/v2\/users\/3"}],"replies":[{"embeddable":true,"href":"https:\/\/departments.johnabbott.qc.ca\/fr\/wp-json\/wp\/v2\/comments?post=7113"}],"version-history":[{"count":3,"href":"https:\/\/departments.johnabbott.qc.ca\/fr\/wp-json\/wp\/v2\/pages\/7113\/revisions"}],"predecessor-version":[{"id":8553,"href":"https:\/\/departments.johnabbott.qc.ca\/fr\/wp-json\/wp\/v2\/pages\/7113\/revisions\/8553"}],"up":[{"embeddable":true,"href":"https:\/\/departments.johnabbott.qc.ca\/fr\/wp-json\/wp\/v2\/pages\/7078"}],"wp:attachment":[{"href":"https:\/\/departments.johnabbott.qc.ca\/fr\/wp-json\/wp\/v2\/media?parent=7113"}],"curies":[{"name":"wp","href":"https:\/\/api.w.org\/{rel}","templated":true}]}}